{"id":2766,"date":"2025-04-23T18:09:31","date_gmt":"2025-04-23T16:09:31","guid":{"rendered":"https:\/\/garcialegaz.com\/?page_id=2766"},"modified":"2026-02-12T23:02:45","modified_gmt":"2026-02-12T22:02:45","slug":"blog","status":"publish","type":"page","link":"https:\/\/garcialegaz.com\/en\/blog\/","title":{"rendered":"Blog"},"content":{"rendered":"\t\t<div data-elementor-type=\"wp-page\" data-elementor-id=\"2766\" class=\"elementor elementor-2766\" data-elementor-post-type=\"page\">\n\t\t\t\t\t\t<section class=\"elementor-section elementor-top-section elementor-element elementor-element-bceb5cc elementor-section-height-min-height elementor-section-stretched elementor-hidden-tablet elementor-hidden-mobile elementor-section-boxed elementor-section-height-default elementor-section-items-middle\" data-id=\"bceb5cc\" data-element_type=\"section\" data-e-type=\"section\" data-settings=\"{&quot;stretch_section&quot;:&quot;section-stretched&quot;,&quot;background_background&quot;:&quot;classic&quot;}\">\n\t\t\t\t\t\t<div class=\"elementor-container elementor-column-gap-default\">\n\t\t\t\t\t<div class=\"elementor-column elementor-col-100 elementor-top-column elementor-element elementor-element-6792a19\" data-id=\"6792a19\" data-element_type=\"column\" data-e-type=\"column\">\n\t\t\t<div class=\"elementor-widget-wrap elementor-element-populated\">\n\t\t\t\t\t\t<div class=\"elementor-element elementor-element-9b2c688 elementor-align-center elementor-mobile-align-center elementor-icon-list--layout-traditional elementor-list-item-link-full_width elementor-widget elementor-widget-icon-list\" data-id=\"9b2c688\" data-element_type=\"widget\" data-e-type=\"widget\" data-widget_type=\"icon-list.default\">\n\t\t\t\t<div class=\"elementor-widget-container\">\n\t\t\t\t\t\t\t<ul class=\"elementor-icon-list-items\">\n\t\t\t\t\t\t\t<li class=\"elementor-icon-list-item\">\n\t\t\t\t\t\t\t\t\t\t\t<span class=\"elementor-icon-list-icon\">\n\t\t\t\t\t\t\t<svg aria-hidden=\"true\" class=\"e-font-icon-svg e-fas-laptop-medical\" viewBox=\"0 0 640 512\" xmlns=\"http:\/\/www.w3.org\/2000\/svg\"><path d=\"M232 224h56v56a8 8 0 0 0 8 8h48a8 8 0 0 0 8-8v-56h56a8 8 0 0 0 8-8v-48a8 8 0 0 0-8-8h-56v-56a8 8 0 0 0-8-8h-48a8 8 0 0 0-8 8v56h-56a8 8 0 0 0-8 8v48a8 8 0 0 0 8 8zM576 48a48.14 48.14 0 0 0-48-48H112a48.14 48.14 0 0 0-48 48v336h512zm-64 272H128V64h384zm112 96H381.54c-.74 19.81-14.71 32-32.74 32H288c-18.69 0-33-17.47-32.77-32H16a16 16 0 0 0-16 16v16a64.19 64.19 0 0 0 64 64h512a64.19 64.19 0 0 0 64-64v-16a16 16 0 0 0-16-16z\"><\/path><\/svg>\t\t\t\t\t\t<\/span>\n\t\t\t\t\t\t\t\t\t\t<span class=\"elementor-icon-list-text\">Dermatology Blog<\/span>\n\t\t\t\t\t\t\t\t\t<\/li>\n\t\t\t\t\t\t<\/ul>\n\t\t\t\t\t\t<\/div>\n\t\t\t\t<\/div>\n\t\t\t\t<div class=\"elementor-element elementor-element-4703097 elementor-widget elementor-widget-text-editor\" data-id=\"4703097\" data-element_type=\"widget\" data-e-type=\"widget\" data-widget_type=\"text-editor.default\">\n\t\t\t\t<div class=\"elementor-widget-container\">\n\t\t\t\t\t\t\t\t\t<article class=\"text-token-text-primary w-full\" dir=\"auto\" data-testid=\"conversation-turn-26\" data-scroll-anchor=\"true\"><div class=\"text-base my-auto mx-auto py-5 [--thread-content-margin:--spacing(4)] @[37rem]:[--thread-content-margin:--spacing(6)] @[72rem]:[--thread-content-margin:--spacing(16)] px-(--thread-content-margin)\"><div class=\"[--thread-content-max-width:32rem] @[34rem]:[--thread-content-max-width:40rem] @[64rem]:[--thread-content-max-width:48rem] mx-auto flex max-w-(--thread-content-max-width) flex-1 text-base gap-4 md:gap-5 lg:gap-6 group\/turn-messages focus-visible:outline-hidden\" tabindex=\"-1\"><div class=\"group\/conversation-turn relative flex w-full min-w-0 flex-col agent-turn\"><div class=\"relative flex-col gap-1 md:gap-3\"><div class=\"flex max-w-full flex-col grow\"><div class=\"min-h-8 text-message relative flex w-full flex-col items-end gap-2 text-start break-words whitespace-normal [.text-message+&amp;]:mt-5\" dir=\"auto\" data-message-author-role=\"assistant\" data-message-id=\"b6b6320c-4547-4d1a-84d6-eae1b14b51c8\" data-message-model-slug=\"gpt-4o\"><div class=\"flex w-full flex-col gap-1 empty:hidden first:pt-[3px]\"><div class=\"markdown prose dark:prose-invert w-full break-words light\"><p data-start=\"70\" data-end=\"165\" data-is-last-node=\"\" data-is-only-node=\"\">All content is reviewed by doctors and dermatology experts in the field.<\/p><\/div><\/div><\/div><\/div><\/div><\/div><\/div><\/div><\/article><div class=\"pointer-events-none h-px w-px\" aria-hidden=\"true\" data-edge=\"true\">\u00a0<\/div>\t\t\t\t\t\t\t\t<\/div>\n\t\t\t\t<\/div>\n\t\t\t\t\t<\/div>\n\t\t<\/div>\n\t\t\t\t\t<\/div>\n\t\t<\/section>\n\t\t\t\t<section class=\"elementor-section elementor-top-section elementor-element elementor-element-426f076 elementor-section-boxed elementor-section-height-default elementor-section-height-default\" data-id=\"426f076\" data-element_type=\"section\" data-e-type=\"section\">\n\t\t\t\t\t\t<div class=\"elementor-container elementor-column-gap-default\">\n\t\t\t\t\t<div class=\"elementor-column elementor-col-100 elementor-top-column elementor-element elementor-element-67d52b2\" data-id=\"67d52b2\" data-element_type=\"column\" data-e-type=\"column\">\n\t\t\t<div class=\"elementor-widget-wrap elementor-element-populated\">\n\t\t\t\t\t\t<div class=\"elementor-element elementor-element-9bf0a76 elementor-grid-3 elementor-grid-tablet-2 elementor-grid-mobile-1 elementor-posts--thumbnail-top elementor-widget elementor-widget-posts\" data-id=\"9bf0a76\" data-element_type=\"widget\" data-e-type=\"widget\" data-settings=\"{&quot;pagination_type&quot;:&quot;numbers_and_prev_next&quot;,&quot;classic_columns&quot;:&quot;3&quot;,&quot;classic_columns_tablet&quot;:&quot;2&quot;,&quot;classic_columns_mobile&quot;:&quot;1&quot;,&quot;classic_row_gap&quot;:{&quot;unit&quot;:&quot;px&quot;,&quot;size&quot;:35,&quot;sizes&quot;:[]},&quot;classic_row_gap_tablet&quot;:{&quot;unit&quot;:&quot;px&quot;,&quot;size&quot;:&quot;&quot;,&quot;sizes&quot;:[]},&quot;classic_row_gap_mobile&quot;:{&quot;unit&quot;:&quot;px&quot;,&quot;size&quot;:&quot;&quot;,&quot;sizes&quot;:[]}}\" data-widget_type=\"posts.classic\">\n\t\t\t\t<div class=\"elementor-widget-container\">\n\t\t\t\t\t\t\t<div class=\"elementor-posts-container elementor-posts elementor-posts--skin-classic elementor-grid\" role=\"list\">\n\t\t\t\t<article class=\"elementor-post elementor-grid-item post-3477 post type-post status-publish format-standard has-post-thumbnail hentry category-general-en\" role=\"listitem\">\n\t\t\t\t<a class=\"elementor-post__thumbnail__link\" href=\"https:\/\/garcialegaz.com\/en\/blog\/mesoterapia-capilar-que-es-y-como-puede-ayudarte\/\" tabindex=\"-1\" target=&quot;_blank&quot;>\n\t\t\t<div class=\"elementor-post__thumbnail\"><img fetchpriority=\"high\" decoding=\"async\" width=\"1200\" height=\"630\" src=\"https:\/\/garcialegaz.com\/wp-content\/uploads\/2024\/07\/006-blog-mesoterapia-capilar.jpg\" class=\"attachment-full size-full wp-image-1889\" alt=\"Mesoterapia capilar\" srcset=\"https:\/\/garcialegaz.com\/wp-content\/uploads\/2024\/07\/006-blog-mesoterapia-capilar.jpg 1200w, https:\/\/garcialegaz.com\/wp-content\/uploads\/2024\/07\/006-blog-mesoterapia-capilar-300x158.jpg 300w, https:\/\/garcialegaz.com\/wp-content\/uploads\/2024\/07\/006-blog-mesoterapia-capilar-1024x538.jpg 1024w, https:\/\/garcialegaz.com\/wp-content\/uploads\/2024\/07\/006-blog-mesoterapia-capilar-768x403.jpg 768w\" sizes=\"(max-width: 1200px) 100vw, 1200px\" \/><\/div>\n\t\t<\/a>\n\t\t\t\t<div class=\"elementor-post__text\">\n\t\t\t\t<h2 id=\"rtoc-1\"  class=\"elementor-post__title\">\n\t\t\t<a href=\"https:\/\/garcialegaz.com\/en\/blog\/mesoterapia-capilar-que-es-y-como-puede-ayudarte\/\" target=&quot;_blank&quot;>\n\t\t\t\tMesoterapia capilar: qu\u00e9 es y c\u00f3mo puede ayudarte\t\t\t<\/a>\n\t\t<\/h2>\n\t\t\t\t<div class=\"elementor-post__meta-data\">\n\t\t\t\t\t<span class=\"elementor-post-author\">\n\t\t\tMarta Garc\u00eda-Legaz Mart\u00ednez\t\t<\/span>\n\t\t\t\t<span class=\"elementor-post-date\">\n\t\t\t13\/05\/2025\t\t<\/span>\n\t\t\t\t<\/div>\n\t\t\t\t<div class=\"elementor-post__excerpt\">\n\t\t\t<p>La mesoterapia capilar es una t\u00e9cnica innovadora que ha ganado popularidad en los \u00faltimos a\u00f1os, y no es dif\u00edcil entender por qu\u00e9.&nbsp; Este procedimiento consiste<\/p>\n\t\t<\/div>\n\t\t\t\t\t<div class=\"elementor-post__read-more-wrapper\">\n\t\t\n\t\t<a class=\"elementor-post__read-more\" href=\"https:\/\/garcialegaz.com\/en\/blog\/mesoterapia-capilar-que-es-y-como-puede-ayudarte\/\" aria-label=\"Read more about Mesoterapia capilar: qu\u00e9 es y c\u00f3mo puede ayudarte\" tabindex=\"-1\" target=\"_blank\">\n\t\t\tLeer m\u00e1s\t\t<\/a>\n\n\t\t\t\t\t<\/div>\n\t\t\t\t<\/div>\n\t\t\t\t<\/article>\n\t\t\t\t<article class=\"elementor-post elementor-grid-item post-3475 post type-post status-publish format-standard has-post-thumbnail hentry category-general-en\" role=\"listitem\">\n\t\t\t\t<a class=\"elementor-post__thumbnail__link\" href=\"https:\/\/garcialegaz.com\/en\/blog\/rosacea-que-es-sintomas-y-como-se-controla\/\" tabindex=\"-1\" target=&quot;_blank&quot;>\n\t\t\t<div class=\"elementor-post__thumbnail\"><img decoding=\"async\" width=\"1200\" height=\"630\" src=\"https:\/\/garcialegaz.com\/wp-content\/uploads\/2024\/08\/007-blog-rosacea.jpg\" class=\"attachment-full size-full wp-image-1940\" alt=\"Ros\u00e1cea facial\" srcset=\"https:\/\/garcialegaz.com\/wp-content\/uploads\/2024\/08\/007-blog-rosacea.jpg 1200w, https:\/\/garcialegaz.com\/wp-content\/uploads\/2024\/08\/007-blog-rosacea-300x158.jpg 300w, https:\/\/garcialegaz.com\/wp-content\/uploads\/2024\/08\/007-blog-rosacea-1024x538.jpg 1024w, https:\/\/garcialegaz.com\/wp-content\/uploads\/2024\/08\/007-blog-rosacea-768x403.jpg 768w\" sizes=\"(max-width: 1200px) 100vw, 1200px\" \/><\/div>\n\t\t<\/a>\n\t\t\t\t<div class=\"elementor-post__text\">\n\t\t\t\t<h2 id=\"rtoc-2\"  class=\"elementor-post__title\">\n\t\t\t<a href=\"https:\/\/garcialegaz.com\/en\/blog\/rosacea-que-es-sintomas-y-como-se-controla\/\" target=&quot;_blank&quot;>\n\t\t\t\tRos\u00e1cea: qu\u00e9 es, s\u00edntomas y c\u00f3mo se controla\t\t\t<\/a>\n\t\t<\/h2>\n\t\t\t\t<div class=\"elementor-post__meta-data\">\n\t\t\t\t\t<span class=\"elementor-post-author\">\n\t\t\tMarta Garc\u00eda-Legaz Mart\u00ednez\t\t<\/span>\n\t\t\t\t<span class=\"elementor-post-date\">\n\t\t\t13\/05\/2025\t\t<\/span>\n\t\t\t\t<\/div>\n\t\t\t\t<div class=\"elementor-post__excerpt\">\n\t\t\t<p>La ros\u00e1cea es una enfermedad d\u00e9rmica cr\u00f3nica que afecta a millones de personas en el mundo y puede causar tanto molestias f\u00edsicas como un considerable<\/p>\n\t\t<\/div>\n\t\t\t\t\t<div class=\"elementor-post__read-more-wrapper\">\n\t\t\n\t\t<a class=\"elementor-post__read-more\" href=\"https:\/\/garcialegaz.com\/en\/blog\/rosacea-que-es-sintomas-y-como-se-controla\/\" aria-label=\"Read more about Ros\u00e1cea: qu\u00e9 es, s\u00edntomas y c\u00f3mo se controla\" tabindex=\"-1\" target=\"_blank\">\n\t\t\tLeer m\u00e1s\t\t<\/a>\n\n\t\t\t\t\t<\/div>\n\t\t\t\t<\/div>\n\t\t\t\t<\/article>\n\t\t\t\t<article class=\"elementor-post elementor-grid-item post-3473 post type-post status-publish format-standard has-post-thumbnail hentry category-general-en\" role=\"listitem\">\n\t\t\t\t<a class=\"elementor-post__thumbnail__link\" href=\"https:\/\/garcialegaz.com\/en\/blog\/cicatriz-queloide-realmente-se-puede-eliminar\/\" tabindex=\"-1\" target=&quot;_blank&quot;>\n\t\t\t<div class=\"elementor-post__thumbnail\"><img decoding=\"async\" width=\"1200\" height=\"630\" src=\"https:\/\/garcialegaz.com\/wp-content\/uploads\/2024\/08\/008-blog-cicatriz-queloide.jpg\" class=\"attachment-full size-full wp-image-1949\" alt=\"Queloide\" srcset=\"https:\/\/garcialegaz.com\/wp-content\/uploads\/2024\/08\/008-blog-cicatriz-queloide.jpg 1200w, https:\/\/garcialegaz.com\/wp-content\/uploads\/2024\/08\/008-blog-cicatriz-queloide-300x158.jpg 300w, https:\/\/garcialegaz.com\/wp-content\/uploads\/2024\/08\/008-blog-cicatriz-queloide-1024x538.jpg 1024w, https:\/\/garcialegaz.com\/wp-content\/uploads\/2024\/08\/008-blog-cicatriz-queloide-768x403.jpg 768w\" sizes=\"(max-width: 1200px) 100vw, 1200px\" \/><\/div>\n\t\t<\/a>\n\t\t\t\t<div class=\"elementor-post__text\">\n\t\t\t\t<h2 id=\"rtoc-3\"  class=\"elementor-post__title\">\n\t\t\t<a href=\"https:\/\/garcialegaz.com\/en\/blog\/cicatriz-queloide-realmente-se-puede-eliminar\/\" target=&quot;_blank&quot;>\n\t\t\t\tCicatriz queloide: \u00bfrealmente se puede eliminar?\t\t\t<\/a>\n\t\t<\/h2>\n\t\t\t\t<div class=\"elementor-post__meta-data\">\n\t\t\t\t\t<span class=\"elementor-post-author\">\n\t\t\tMarta Garc\u00eda-Legaz Mart\u00ednez\t\t<\/span>\n\t\t\t\t<span class=\"elementor-post-date\">\n\t\t\t13\/05\/2025\t\t<\/span>\n\t\t\t\t<\/div>\n\t\t\t\t<div class=\"elementor-post__excerpt\">\n\t\t\t<p>Las cicatrices no siempre son un simple recordatorio de heridas pasadas; algunas se convierten en un verdadero desaf\u00edo m\u00e9dico y un gran reto terap\u00e9utico. Este<\/p>\n\t\t<\/div>\n\t\t\t\t\t<div class=\"elementor-post__read-more-wrapper\">\n\t\t\n\t\t<a class=\"elementor-post__read-more\" href=\"https:\/\/garcialegaz.com\/en\/blog\/cicatriz-queloide-realmente-se-puede-eliminar\/\" aria-label=\"Read more about Cicatriz queloide: \u00bfrealmente se puede eliminar?\" tabindex=\"-1\" target=\"_blank\">\n\t\t\tLeer m\u00e1s\t\t<\/a>\n\n\t\t\t\t\t<\/div>\n\t\t\t\t<\/div>\n\t\t\t\t<\/article>\n\t\t\t\t<article class=\"elementor-post elementor-grid-item post-3471 post type-post status-publish format-standard has-post-thumbnail hentry category-general-en\" role=\"listitem\">\n\t\t\t\t<a class=\"elementor-post__thumbnail__link\" href=\"https:\/\/garcialegaz.com\/en\/blog\/lentigo-solar-que-es-prevencion-y-tratamientos\/\" tabindex=\"-1\" target=&quot;_blank&quot;>\n\t\t\t<div class=\"elementor-post__thumbnail\"><img loading=\"lazy\" decoding=\"async\" width=\"1200\" height=\"630\" src=\"https:\/\/garcialegaz.com\/wp-content\/uploads\/2024\/08\/009-blog-lentigo-solar.jpg\" class=\"attachment-full size-full wp-image-1953\" alt=\"L\u00e9ntigo solar\" srcset=\"https:\/\/garcialegaz.com\/wp-content\/uploads\/2024\/08\/009-blog-lentigo-solar.jpg 1200w, https:\/\/garcialegaz.com\/wp-content\/uploads\/2024\/08\/009-blog-lentigo-solar-300x158.jpg 300w, https:\/\/garcialegaz.com\/wp-content\/uploads\/2024\/08\/009-blog-lentigo-solar-1024x538.jpg 1024w, https:\/\/garcialegaz.com\/wp-content\/uploads\/2024\/08\/009-blog-lentigo-solar-768x403.jpg 768w\" sizes=\"(max-width: 1200px) 100vw, 1200px\" \/><\/div>\n\t\t<\/a>\n\t\t\t\t<div class=\"elementor-post__text\">\n\t\t\t\t<h2 id=\"rtoc-4\"  class=\"elementor-post__title\">\n\t\t\t<a href=\"https:\/\/garcialegaz.com\/en\/blog\/lentigo-solar-que-es-prevencion-y-tratamientos\/\" target=&quot;_blank&quot;>\n\t\t\t\tL\u00e9ntigo solar: qu\u00e9 es, prevenci\u00f3n y tratamientos\t\t\t<\/a>\n\t\t<\/h2>\n\t\t\t\t<div class=\"elementor-post__meta-data\">\n\t\t\t\t\t<span class=\"elementor-post-author\">\n\t\t\tMarta Garc\u00eda-Legaz Mart\u00ednez\t\t<\/span>\n\t\t\t\t<span class=\"elementor-post-date\">\n\t\t\t13\/05\/2025\t\t<\/span>\n\t\t\t\t<\/div>\n\t\t\t\t<div class=\"elementor-post__excerpt\">\n\t\t\t<p>El l\u00e9ntigo solar es una afecci\u00f3n cut\u00e1nea com\u00fan que se manifiesta como mancha oscura en la piel, resultado del da\u00f1o solar acumulado a lo largo<\/p>\n\t\t<\/div>\n\t\t\t\t\t<div class=\"elementor-post__read-more-wrapper\">\n\t\t\n\t\t<a class=\"elementor-post__read-more\" href=\"https:\/\/garcialegaz.com\/en\/blog\/lentigo-solar-que-es-prevencion-y-tratamientos\/\" aria-label=\"Read more about L\u00e9ntigo solar: qu\u00e9 es, prevenci\u00f3n y tratamientos\" tabindex=\"-1\" target=\"_blank\">\n\t\t\tLeer m\u00e1s\t\t<\/a>\n\n\t\t\t\t\t<\/div>\n\t\t\t\t<\/div>\n\t\t\t\t<\/article>\n\t\t\t\t<article class=\"elementor-post elementor-grid-item post-3469 post type-post status-publish format-standard has-post-thumbnail hentry category-general-en\" role=\"listitem\">\n\t\t\t\t<a class=\"elementor-post__thumbnail__link\" href=\"https:\/\/garcialegaz.com\/en\/blog\/cuperosis-que-es-y-como-manejar-el-enrojecimiento-facial-2\/\" tabindex=\"-1\" target=&quot;_blank&quot;>\n\t\t\t<div class=\"elementor-post__thumbnail\"><img loading=\"lazy\" decoding=\"async\" width=\"1200\" height=\"630\" src=\"https:\/\/garcialegaz.com\/wp-content\/uploads\/2024\/09\/010-blog-cuperosis.jpg\" class=\"attachment-full size-full wp-image-2032\" alt=\"Cuperosis o enrojecimiento de la cara\" srcset=\"https:\/\/garcialegaz.com\/wp-content\/uploads\/2024\/09\/010-blog-cuperosis.jpg 1200w, https:\/\/garcialegaz.com\/wp-content\/uploads\/2024\/09\/010-blog-cuperosis-300x158.jpg 300w, https:\/\/garcialegaz.com\/wp-content\/uploads\/2024\/09\/010-blog-cuperosis-1024x538.jpg 1024w, https:\/\/garcialegaz.com\/wp-content\/uploads\/2024\/09\/010-blog-cuperosis-768x403.jpg 768w\" sizes=\"(max-width: 1200px) 100vw, 1200px\" \/><\/div>\n\t\t<\/a>\n\t\t\t\t<div class=\"elementor-post__text\">\n\t\t\t\t<h2 id=\"rtoc-5\"  class=\"elementor-post__title\">\n\t\t\t<a href=\"https:\/\/garcialegaz.com\/en\/blog\/cuperosis-que-es-y-como-manejar-el-enrojecimiento-facial-2\/\" target=&quot;_blank&quot;>\n\t\t\t\tCuperosis: qu\u00e9 es y c\u00f3mo manejar el enrojecimiento facial\t\t\t<\/a>\n\t\t<\/h2>\n\t\t\t\t<div class=\"elementor-post__meta-data\">\n\t\t\t\t\t<span class=\"elementor-post-author\">\n\t\t\tMarta Garc\u00eda-Legaz Mart\u00ednez\t\t<\/span>\n\t\t\t\t<span class=\"elementor-post-date\">\n\t\t\t13\/05\/2025\t\t<\/span>\n\t\t\t\t<\/div>\n\t\t\t\t<div class=\"elementor-post__excerpt\">\n\t\t\t<p>Descubrir qu\u00e9 hay detr\u00e1s de unas mejillas sonrojadas que parecen no querer desaparecer, puede ser el primer paso para comprender un problema m\u00e1s profundo: la<\/p>\n\t\t<\/div>\n\t\t\t\t\t<div class=\"elementor-post__read-more-wrapper\">\n\t\t\n\t\t<a class=\"elementor-post__read-more\" href=\"https:\/\/garcialegaz.com\/en\/blog\/cuperosis-que-es-y-como-manejar-el-enrojecimiento-facial-2\/\" aria-label=\"Read more about Cuperosis: qu\u00e9 es y c\u00f3mo manejar el enrojecimiento facial\" tabindex=\"-1\" target=\"_blank\">\n\t\t\tLeer m\u00e1s\t\t<\/a>\n\n\t\t\t\t\t<\/div>\n\t\t\t\t<\/div>\n\t\t\t\t<\/article>\n\t\t\t\t<article class=\"elementor-post elementor-grid-item post-3467 post type-post status-publish format-standard has-post-thumbnail hentry category-general-en\" role=\"listitem\">\n\t\t\t\t<a class=\"elementor-post__thumbnail__link\" href=\"https:\/\/garcialegaz.com\/en\/blog\/arrugas-en-la-cara-tipos-factores-desencadenantes-y-eliminacion\/\" tabindex=\"-1\" target=&quot;_blank&quot;>\n\t\t\t<div class=\"elementor-post__thumbnail\"><img loading=\"lazy\" decoding=\"async\" width=\"1200\" height=\"630\" src=\"https:\/\/garcialegaz.com\/wp-content\/uploads\/2024\/09\/011-blog-arrigas-cara.jpg\" class=\"attachment-full size-full wp-image-2077\" alt=\"Arrugas en la cara\" srcset=\"https:\/\/garcialegaz.com\/wp-content\/uploads\/2024\/09\/011-blog-arrigas-cara.jpg 1200w, https:\/\/garcialegaz.com\/wp-content\/uploads\/2024\/09\/011-blog-arrigas-cara-300x158.jpg 300w, https:\/\/garcialegaz.com\/wp-content\/uploads\/2024\/09\/011-blog-arrigas-cara-1024x538.jpg 1024w, https:\/\/garcialegaz.com\/wp-content\/uploads\/2024\/09\/011-blog-arrigas-cara-768x403.jpg 768w\" sizes=\"(max-width: 1200px) 100vw, 1200px\" \/><\/div>\n\t\t<\/a>\n\t\t\t\t<div class=\"elementor-post__text\">\n\t\t\t\t<h2 id=\"rtoc-6\"  class=\"elementor-post__title\">\n\t\t\t<a href=\"https:\/\/garcialegaz.com\/en\/blog\/arrugas-en-la-cara-tipos-factores-desencadenantes-y-eliminacion\/\" target=&quot;_blank&quot;>\n\t\t\t\tArrugas en la cara: tipos, factores desencadenantes y eliminaci\u00f3n\t\t\t<\/a>\n\t\t<\/h2>\n\t\t\t\t<div class=\"elementor-post__meta-data\">\n\t\t\t\t\t<span class=\"elementor-post-author\">\n\t\t\tMarta Garc\u00eda-Legaz Mart\u00ednez\t\t<\/span>\n\t\t\t\t<span class=\"elementor-post-date\">\n\t\t\t13\/05\/2025\t\t<\/span>\n\t\t\t\t<\/div>\n\t\t\t\t<div class=\"elementor-post__excerpt\">\n\t\t\t<p>Las arrugas resultan de la interacci\u00f3n entre nuestros genes, las expresiones faciales y los factores ambientales a los que estamos expuestos a diario. Cada l\u00ednea<\/p>\n\t\t<\/div>\n\t\t\t\t\t<div class=\"elementor-post__read-more-wrapper\">\n\t\t\n\t\t<a class=\"elementor-post__read-more\" href=\"https:\/\/garcialegaz.com\/en\/blog\/arrugas-en-la-cara-tipos-factores-desencadenantes-y-eliminacion\/\" aria-label=\"Read more about Arrugas en la cara: tipos, factores desencadenantes y eliminaci\u00f3n\" tabindex=\"-1\" target=\"_blank\">\n\t\t\tLeer m\u00e1s\t\t<\/a>\n\n\t\t\t\t\t<\/div>\n\t\t\t\t<\/div>\n\t\t\t\t<\/article>\n\t\t\t\t<article class=\"elementor-post elementor-grid-item post-3465 post type-post status-publish format-standard has-post-thumbnail hentry category-general-en\" role=\"listitem\">\n\t\t\t\t<a class=\"elementor-post__thumbnail__link\" href=\"https:\/\/garcialegaz.com\/en\/blog\/tratamiento-de-aranas-vasculares-la-solucion-para-una-piel-perfecta\/\" tabindex=\"-1\" target=&quot;_blank&quot;>\n\t\t\t<div class=\"elementor-post__thumbnail\"><img loading=\"lazy\" decoding=\"async\" width=\"1200\" height=\"630\" src=\"https:\/\/garcialegaz.com\/wp-content\/uploads\/2024\/09\/012-blog-aranas-vasculares.jpg\" class=\"attachment-full size-full wp-image-2080\" alt=\"Ara\u00f1as vasculares\" srcset=\"https:\/\/garcialegaz.com\/wp-content\/uploads\/2024\/09\/012-blog-aranas-vasculares.jpg 1200w, https:\/\/garcialegaz.com\/wp-content\/uploads\/2024\/09\/012-blog-aranas-vasculares-300x158.jpg 300w, https:\/\/garcialegaz.com\/wp-content\/uploads\/2024\/09\/012-blog-aranas-vasculares-1024x538.jpg 1024w, https:\/\/garcialegaz.com\/wp-content\/uploads\/2024\/09\/012-blog-aranas-vasculares-768x403.jpg 768w\" sizes=\"(max-width: 1200px) 100vw, 1200px\" \/><\/div>\n\t\t<\/a>\n\t\t\t\t<div class=\"elementor-post__text\">\n\t\t\t\t<h2 id=\"rtoc-7\"  class=\"elementor-post__title\">\n\t\t\t<a href=\"https:\/\/garcialegaz.com\/en\/blog\/tratamiento-de-aranas-vasculares-la-solucion-para-una-piel-perfecta\/\" target=&quot;_blank&quot;>\n\t\t\t\tTratamiento de ara\u00f1as vasculares: la soluci\u00f3n para una piel perfecta\t\t\t<\/a>\n\t\t<\/h2>\n\t\t\t\t<div class=\"elementor-post__meta-data\">\n\t\t\t\t\t<span class=\"elementor-post-author\">\n\t\t\tMarta Garc\u00eda-Legaz Mart\u00ednez\t\t<\/span>\n\t\t\t\t<span class=\"elementor-post-date\">\n\t\t\t13\/05\/2025\t\t<\/span>\n\t\t\t\t<\/div>\n\t\t\t\t<div class=\"elementor-post__excerpt\">\n\t\t\t<p>Las ara\u00f1as vasculares, tambi\u00e9n conocidas en el mundo m\u00e9dico como telangiectasias, son una preocupaci\u00f3n est\u00e9tica frecuente. Estas diminutas venas dilatadas, aunque generalmente inofensivas, pueden afectar<\/p>\n\t\t<\/div>\n\t\t\t\t\t<div class=\"elementor-post__read-more-wrapper\">\n\t\t\n\t\t<a class=\"elementor-post__read-more\" href=\"https:\/\/garcialegaz.com\/en\/blog\/tratamiento-de-aranas-vasculares-la-solucion-para-una-piel-perfecta\/\" aria-label=\"Read more about Tratamiento de ara\u00f1as vasculares: la soluci\u00f3n para una piel perfecta\" tabindex=\"-1\" target=\"_blank\">\n\t\t\tLeer m\u00e1s\t\t<\/a>\n\n\t\t\t\t\t<\/div>\n\t\t\t\t<\/div>\n\t\t\t\t<\/article>\n\t\t\t\t<article class=\"elementor-post elementor-grid-item post-3463 post type-post status-publish format-standard has-post-thumbnail hentry category-general-en\" role=\"listitem\">\n\t\t\t\t<a class=\"elementor-post__thumbnail__link\" href=\"https:\/\/garcialegaz.com\/en\/blog\/eliminar-acne-y-cicatrices-es-realmente-posible-2\/\" tabindex=\"-1\" target=&quot;_blank&quot;>\n\t\t\t<div class=\"elementor-post__thumbnail\"><img loading=\"lazy\" decoding=\"async\" width=\"1200\" height=\"630\" src=\"https:\/\/garcialegaz.com\/wp-content\/uploads\/2024\/10\/013-blog-eliminacion-acne-cicatrices.jpg\" class=\"attachment-full size-full wp-image-2122\" alt=\"Eliminaci\u00f3n de cicatrices de acn\u00e9\" srcset=\"https:\/\/garcialegaz.com\/wp-content\/uploads\/2024\/10\/013-blog-eliminacion-acne-cicatrices.jpg 1200w, https:\/\/garcialegaz.com\/wp-content\/uploads\/2024\/10\/013-blog-eliminacion-acne-cicatrices-300x158.jpg 300w, https:\/\/garcialegaz.com\/wp-content\/uploads\/2024\/10\/013-blog-eliminacion-acne-cicatrices-1024x538.jpg 1024w, https:\/\/garcialegaz.com\/wp-content\/uploads\/2024\/10\/013-blog-eliminacion-acne-cicatrices-768x403.jpg 768w\" sizes=\"(max-width: 1200px) 100vw, 1200px\" \/><\/div>\n\t\t<\/a>\n\t\t\t\t<div class=\"elementor-post__text\">\n\t\t\t\t<h2 id=\"rtoc-8\"  class=\"elementor-post__title\">\n\t\t\t<a href=\"https:\/\/garcialegaz.com\/en\/blog\/eliminar-acne-y-cicatrices-es-realmente-posible-2\/\" target=&quot;_blank&quot;>\n\t\t\t\tEliminar acn\u00e9 y cicatrices, \u00bfes realmente posible?\t\t\t<\/a>\n\t\t<\/h2>\n\t\t\t\t<div class=\"elementor-post__meta-data\">\n\t\t\t\t\t<span class=\"elementor-post-author\">\n\t\t\tMarta Garc\u00eda-Legaz Mart\u00ednez\t\t<\/span>\n\t\t\t\t<span class=\"elementor-post-date\">\n\t\t\t13\/05\/2025\t\t<\/span>\n\t\t\t\t<\/div>\n\t\t\t\t<div class=\"elementor-post__excerpt\">\n\t\t\t<p>Imagina mirarte en el espejo y ver una piel suave y uniforme, libre de marcas. Para muchas personas, esta idea puede parecer lejana, ya que<\/p>\n\t\t<\/div>\n\t\t\t\t\t<div class=\"elementor-post__read-more-wrapper\">\n\t\t\n\t\t<a class=\"elementor-post__read-more\" href=\"https:\/\/garcialegaz.com\/en\/blog\/eliminar-acne-y-cicatrices-es-realmente-posible-2\/\" aria-label=\"Read more about Eliminar acn\u00e9 y cicatrices, \u00bfes realmente posible?\" tabindex=\"-1\" target=\"_blank\">\n\t\t\tLeer m\u00e1s\t\t<\/a>\n\n\t\t\t\t\t<\/div>\n\t\t\t\t<\/div>\n\t\t\t\t<\/article>\n\t\t\t\t<article class=\"elementor-post elementor-grid-item post-3461 post type-post status-publish format-standard has-post-thumbnail hentry category-general-en\" role=\"listitem\">\n\t\t\t\t<a class=\"elementor-post__thumbnail__link\" href=\"https:\/\/garcialegaz.com\/en\/blog\/suaviza-el-surco-nasogeniano-o-arruga-de-la-risa-y-rejuvenece-tu-rostro\/\" tabindex=\"-1\" target=&quot;_blank&quot;>\n\t\t\t<div class=\"elementor-post__thumbnail\"><img loading=\"lazy\" decoding=\"async\" width=\"1200\" height=\"630\" src=\"https:\/\/garcialegaz.com\/wp-content\/uploads\/2024\/11\/014-blog-surco-nasogeniano.jpg\" class=\"attachment-full size-full wp-image-2140\" alt=\"Surco Nasogeniano\" srcset=\"https:\/\/garcialegaz.com\/wp-content\/uploads\/2024\/11\/014-blog-surco-nasogeniano.jpg 1200w, https:\/\/garcialegaz.com\/wp-content\/uploads\/2024\/11\/014-blog-surco-nasogeniano-300x158.jpg 300w, https:\/\/garcialegaz.com\/wp-content\/uploads\/2024\/11\/014-blog-surco-nasogeniano-1024x538.jpg 1024w, https:\/\/garcialegaz.com\/wp-content\/uploads\/2024\/11\/014-blog-surco-nasogeniano-768x403.jpg 768w\" sizes=\"(max-width: 1200px) 100vw, 1200px\" \/><\/div>\n\t\t<\/a>\n\t\t\t\t<div class=\"elementor-post__text\">\n\t\t\t\t<h2 id=\"rtoc-9\"  class=\"elementor-post__title\">\n\t\t\t<a href=\"https:\/\/garcialegaz.com\/en\/blog\/suaviza-el-surco-nasogeniano-o-arruga-de-la-risa-y-rejuvenece-tu-rostro\/\" target=&quot;_blank&quot;>\n\t\t\t\tSuaviza el surco nasogeniano o arruga de la risa y rejuvenece tu rostro\t\t\t<\/a>\n\t\t<\/h2>\n\t\t\t\t<div class=\"elementor-post__meta-data\">\n\t\t\t\t\t<span class=\"elementor-post-author\">\n\t\t\tMarta Garc\u00eda-Legaz Mart\u00ednez\t\t<\/span>\n\t\t\t\t<span class=\"elementor-post-date\">\n\t\t\t13\/05\/2025\t\t<\/span>\n\t\t\t\t<\/div>\n\t\t\t\t<div class=\"elementor-post__excerpt\">\n\t\t\t<p>El surco nasogeniano, com\u00fanmente conocido como la \u201carruga de la risa\u201d, adem\u00e1s de contar historias puede revelar m\u00e1s a\u00f1os de los que deseamos mostrar. Con<\/p>\n\t\t<\/div>\n\t\t\t\t\t<div class=\"elementor-post__read-more-wrapper\">\n\t\t\n\t\t<a class=\"elementor-post__read-more\" href=\"https:\/\/garcialegaz.com\/en\/blog\/suaviza-el-surco-nasogeniano-o-arruga-de-la-risa-y-rejuvenece-tu-rostro\/\" aria-label=\"Read more about Suaviza el surco nasogeniano o arruga de la risa y rejuvenece tu rostro\" tabindex=\"-1\" target=\"_blank\">\n\t\t\tLeer m\u00e1s\t\t<\/a>\n\n\t\t\t\t\t<\/div>\n\t\t\t\t<\/div>\n\t\t\t\t<\/article>\n\t\t\t\t<\/div>\n\t\t\n\t\t\t\t<div class=\"e-load-more-anchor\" data-page=\"1\" data-max-page=\"2\" data-next-page=\"https:\/\/garcialegaz.com\/en\/wp-json\/wp\/v2\/pages\/2766\/page\/2\/\"><\/div>\n\t\t\t\t<nav class=\"elementor-pagination\" aria-label=\"Pagination\">\n\t\t\t<span class=\"page-numbers prev\">Anterior<\/span>\n<span aria-current=\"page\" class=\"page-numbers current\"><span class=\"elementor-screen-only\">Page<\/span>1<\/span>\n<a class=\"page-numbers\" href=\"https:\/\/garcialegaz.com\/en\/wp-json\/wp\/v2\/pages\/2766\/page\/2\/\"><span class=\"elementor-screen-only\">Page<\/span>2<\/a>\n<a class=\"page-numbers next\" href=\"https:\/\/garcialegaz.com\/en\/wp-json\/wp\/v2\/pages\/2766\/page\/2\/\">Siguiente<\/a>\t\t<\/nav>\n\t\t\t\t\t\t<\/div>\n\t\t\t\t<\/div>\n\t\t\t\t\t<\/div>\n\t\t<\/div>\n\t\t\t\t\t<\/div>\n\t\t<\/section>\n\t\t\t\t<\/div>\n\t\t","protected":false},"excerpt":{"rendered":"<p>Dermatology Blog All content is reviewed by doctors and dermatology experts in the field. \u00a0<\/p>","protected":false},"author":2,"featured_media":0,"parent":0,"menu_order":0,"comment_status":"closed","ping_status":"closed","template":"","meta":{"footnotes":""},"class_list":["post-2766","page","type-page","status-publish","hentry"],"lang":"en","translations":{"en":2766,"es":1782},"_links":{"self":[{"href":"https:\/\/garcialegaz.com\/en\/wp-json\/wp\/v2\/pages\/2766","targetHints":{"allow":["GET"]}}],"collection":[{"href":"https:\/\/garcialegaz.com\/en\/wp-json\/wp\/v2\/pages"}],"about":[{"href":"https:\/\/garcialegaz.com\/en\/wp-json\/wp\/v2\/types\/page"}],"author":[{"embeddable":true,"href":"https:\/\/garcialegaz.com\/en\/wp-json\/wp\/v2\/users\/2"}],"replies":[{"embeddable":true,"href":"https:\/\/garcialegaz.com\/en\/wp-json\/wp\/v2\/comments?post=2766"}],"version-history":[{"count":5,"href":"https:\/\/garcialegaz.com\/en\/wp-json\/wp\/v2\/pages\/2766\/revisions"}],"predecessor-version":[{"id":11330,"href":"https:\/\/garcialegaz.com\/en\/wp-json\/wp\/v2\/pages\/2766\/revisions\/11330"}],"wp:attachment":[{"href":"https:\/\/garcialegaz.com\/en\/wp-json\/wp\/v2\/media?parent=2766"}],"curies":[{"name":"wp","href":"https:\/\/api.w.org\/{rel}","templated":true}]}}